{"id":641,"date":"2025-05-20T09:40:57","date_gmt":"2025-05-20T09:40:57","guid":{"rendered":"https:\/\/zonapalets.com\/?page_id=641"},"modified":"2025-05-21T08:09:25","modified_gmt":"2025-05-21T08:09:25","slug":"reciclaje-de-palets-sabadell","status":"publish","type":"page","link":"https:\/\/zonapalets.com\/ca\/reciclaje-de-palets-sabadell\/","title":{"rendered":"Reciclaje de palets Sabadell"},"content":{"rendered":"<div data-elementor-type=\"wp-page\" data-elementor-id=\"641\" class=\"elementor elementor-641\" data-elementor-post-type=\"page\">\n\t\t\t\t\t\t<section class=\"elementor-section elementor-top-section elementor-element elementor-element-80fdd2f elementor-section-full_width elementor-section-height-min-height elementor-section-height-default elementor-section-items-middle elementor-invisible\" data-id=\"80fdd2f\" data-element_type=\"section\" data-settings=\"{&quot;background_background&quot;:&quot;classic&quot;,&quot;animation&quot;:&quot;fadeInLeft&quot;}\">\n\t\t\t\t\t\t\t<div class=\"elementor-background-overlay\"><\/div>\n\t\t\t\t\t\t\t<div class=\"elementor-container elementor-column-gap-default\">\n\t\t\t\t\t<div class=\"elementor-column elementor-col-100 elementor-top-column elementor-element elementor-element-c520516\" data-id=\"c520516\" data-element_type=\"column\">\n\t\t\t<div class=\"elementor-widget-wrap elementor-element-populated\">\n\t\t\t\t\t\t<section class=\"elementor-section elementor-inner-section elementor-element elementor-element-278b10c elementor-section-boxed elementor-section-height-default elementor-section-height-default\" data-id=\"278b10c\" data-element_type=\"section\">\n\t\t\t\t\t\t<div class=\"elementor-container elementor-column-gap-default\">\n\t\t\t\t\t<div class=\"elementor-column elementor-col-100 elementor-inner-column elementor-element elementor-element-f16c4c2\" data-id=\"f16c4c2\" data-element_type=\"column\">\n\t\t\t<div class=\"elementor-widget-wrap elementor-element-populated\">\n\t\t\t\t\t\t<div class=\"elementor-element elementor-element-f346184 elementor-widget elementor-widget-heading\" data-id=\"f346184\" data-element_type=\"widget\" data-widget_type=\"heading.default\">\n\t\t\t\t<div class=\"elementor-widget-container\">\n\t\t\t\t\t<h2 class=\"elementor-heading-title elementor-size-default\">Reciclaje de palets cerca de Sabadell<\/h2>\t\t\t\t<\/div>\n\t\t\t\t<\/div>\n\t\t\t\t\t<\/div>\n\t\t<\/div>\n\t\t\t\t\t<\/div>\n\t\t<\/section>\n\t\t\t\t\t<\/div>\n\t\t<\/div>\n\t\t\t\t\t<\/div>\n\t\t<\/section>\n\t\t\t\t<section class=\"elementor-section elementor-top-section elementor-element elementor-element-0393227 elementor-section-boxed elementor-section-height-default elementor-section-height-default\" data-id=\"0393227\" data-element_type=\"section\">\n\t\t\t\t\t\t<div class=\"elementor-container elementor-column-gap-default\">\n\t\t\t\t\t<div class=\"elementor-column elementor-col-50 elementor-top-column elementor-element elementor-element-dadd9c6\" data-id=\"dadd9c6\" data-element_type=\"column\">\n\t\t\t<div class=\"elementor-widget-wrap elementor-element-populated\">\n\t\t\t\t\t\t<div class=\"elementor-element elementor-element-1703a33 elementor-widget elementor-widget-image\" data-id=\"1703a33\" data-element_type=\"widget\" data-widget_type=\"image.default\">\n\t\t\t\t<div class=\"elementor-widget-container\">\n\t\t\t\t\t\t\t\t\t\t\t\t\t\t\t<img fetchpriority=\"high\" decoding=\"async\" width=\"1024\" height=\"724\" src=\"https:\/\/zonapalets.com\/wp-content\/uploads\/2025\/05\/PALETS-4-1024x724.jpg\" class=\"attachment-large size-large wp-image-633\" alt=\"\" srcset=\"https:\/\/zonapalets.com\/wp-content\/uploads\/2025\/05\/PALETS-4-1024x724.jpg 1024w, https:\/\/zonapalets.com\/wp-content\/uploads\/2025\/05\/PALETS-4-300x212.jpg 300w, https:\/\/zonapalets.com\/wp-content\/uploads\/2025\/05\/PALETS-4-768x543.jpg 768w, https:\/\/zonapalets.com\/wp-content\/uploads\/2025\/05\/PALETS-4-1536x1086.jpg 1536w, https:\/\/zonapalets.com\/wp-content\/uploads\/2025\/05\/PALETS-4-18x12.jpg 18w, https:\/\/zonapalets.com\/wp-content\/uploads\/2025\/05\/PALETS-4.jpg 2000w\" sizes=\"(max-width: 1024px) 100vw, 1024px\" \/>\t\t\t\t\t\t\t\t\t\t\t\t\t\t\t<\/div>\n\t\t\t\t<\/div>\n\t\t\t\t\t<\/div>\n\t\t<\/div>\n\t\t\t\t<div class=\"elementor-column elementor-col-50 elementor-top-column elementor-element elementor-element-1e9f850\" data-id=\"1e9f850\" data-element_type=\"column\">\n\t\t\t<div class=\"elementor-widget-wrap elementor-element-populated\">\n\t\t\t\t\t\t<div class=\"elementor-element elementor-element-e2fe255 elementor-widget elementor-widget-heading\" data-id=\"e2fe255\" data-element_type=\"widget\" data-widget_type=\"heading.default\">\n\t\t\t\t<div class=\"elementor-widget-container\">\n\t\t\t\t\t<h2 class=\"elementor-heading-title elementor-size-default\">Comprometidos con el reciclaje de palets cerca de Sabadell<\/h2>\t\t\t\t<\/div>\n\t\t\t\t<\/div>\n\t\t\t\t<div class=\"elementor-element elementor-element-3e43512 elementor-widget elementor-widget-text-editor\" data-id=\"3e43512\" data-element_type=\"widget\" data-widget_type=\"text-editor.default\">\n\t\t\t\t<div class=\"elementor-widget-container\">\n\t\t\t\t\t\t\t\t\t<p>En Zona Palets, creemos firmemente que cada acci\u00f3n cuenta cuando se trata de proteger el medio ambiente. Nuestro servicio de <b>reciclaje de palets <\/b>cerca de<b> Sabadell<\/b> nace del compromiso con la sostenibilidad y la econom\u00eda circular. Gracias a a\u00f1os de experiencia en el sector y el uso de tecnolog\u00eda avanzada, damos una segunda vida a miles de palets que, de otro modo, terminar\u00edan como residuos.<\/p><p>Recuperamos, reparamos y reutilizamos palets en desuso, reduciendo significativamente la huella ecol\u00f3gica de nuestros clientes. Esta labor no solo minimiza el impacto ambiental, sino que tambi\u00e9n optimiza los costes de muchas empresas que apuestan por soluciones sostenibles. En nuestra planta, tratamos cada palet con el cuidado que merece, garantizando calidad y seguridad en todos los procesos.<\/p>\t\t\t\t\t\t\t\t<\/div>\n\t\t\t\t<\/div>\n\t\t\t\t\t<\/div>\n\t\t<\/div>\n\t\t\t\t\t<\/div>\n\t\t<\/section>\n\t\t\t\t<section class=\"elementor-section elementor-top-section elementor-element elementor-element-adbaefd elementor-section-boxed elementor-section-height-default elementor-section-height-default\" data-id=\"adbaefd\" data-element_type=\"section\">\n\t\t\t\t\t\t<div class=\"elementor-container elementor-column-gap-default\">\n\t\t\t\t\t<div class=\"elementor-column elementor-col-50 elementor-top-column elementor-element elementor-element-56549e2\" data-id=\"56549e2\" data-element_type=\"column\">\n\t\t\t<div class=\"elementor-widget-wrap elementor-element-populated\">\n\t\t\t\t\t\t<div class=\"elementor-element elementor-element-6a5c9e4 elementor-widget elementor-widget-heading\" data-id=\"6a5c9e4\" data-element_type=\"widget\" data-widget_type=\"heading.default\">\n\t\t\t\t<div class=\"elementor-widget-container\">\n\t\t\t\t\t<h2 class=\"elementor-heading-title elementor-size-default\">Soluciones sostenibles en reciclaje de palets cerca de Sabadell<\/h2>\t\t\t\t<\/div>\n\t\t\t\t<\/div>\n\t\t\t\t<div class=\"elementor-element elementor-element-bca1157 elementor-widget elementor-widget-text-editor\" data-id=\"bca1157\" data-element_type=\"widget\" data-widget_type=\"text-editor.default\">\n\t\t\t\t<div class=\"elementor-widget-container\">\n\t\t\t\t\t\t\t\t\t<p class=\"\" data-start=\"1167\" data-end=\"1572\">El servicio de <strong data-start=\"1182\" data-end=\"1223\">reciclaje de palets <\/strong><span data-start=\"1182\" data-end=\"1223\">cerca de<\/span><strong data-start=\"1182\" data-end=\"1223\"> Sabadell<\/strong> que ofrecemos en Zona Palets es integral. No solo nos encargamos del reciclaje en s\u00ed, sino que tambi\u00e9n gestionamos la recolecci\u00f3n y transporte de palets usados. Sabemos que muchas empresas generan residuos de madera que podr\u00edan tener una nueva vida \u00fatil, y por ello, ponemos a disposici\u00f3n nuestra log\u00edstica eficiente para facilitar todo el proceso.<\/p><p class=\"\" data-start=\"1574\" data-end=\"2003\">Nuestro equipo profesional analiza cada caso y ofrece soluciones personalizadas, adapt\u00e1ndose al volumen de palets y necesidades espec\u00edficas del cliente. Desde peque\u00f1as empresas hasta grandes industrias, todos pueden beneficiarse de un servicio r\u00e1pido, responsable y comprometido con el entorno. De esta manera, ayudamos a crear una red local de empresas responsables, todas unidas por el objetivo com\u00fan de reducir el desperdicio.<\/p>\t\t\t\t\t\t\t\t<\/div>\n\t\t\t\t<\/div>\n\t\t\t\t\t<\/div>\n\t\t<\/div>\n\t\t\t\t<div class=\"elementor-column elementor-col-50 elementor-top-column elementor-element elementor-element-295c757\" data-id=\"295c757\" data-element_type=\"column\">\n\t\t\t<div class=\"elementor-widget-wrap elementor-element-populated\">\n\t\t\t\t\t\t<div class=\"elementor-element elementor-element-1154ced elementor-widget elementor-widget-image\" data-id=\"1154ced\" data-element_type=\"widget\" data-widget_type=\"image.default\">\n\t\t\t\t<div class=\"elementor-widget-container\">\n\t\t\t\t\t\t\t\t\t\t\t\t\t\t\t<img decoding=\"async\" width=\"1024\" height=\"724\" src=\"https:\/\/zonapalets.com\/wp-content\/uploads\/2025\/05\/PALETS-3-1024x724.jpg\" class=\"attachment-large size-large wp-image-632\" alt=\"\" srcset=\"https:\/\/zonapalets.com\/wp-content\/uploads\/2025\/05\/PALETS-3-1024x724.jpg 1024w, https:\/\/zonapalets.com\/wp-content\/uploads\/2025\/05\/PALETS-3-300x212.jpg 300w, https:\/\/zonapalets.com\/wp-content\/uploads\/2025\/05\/PALETS-3-768x543.jpg 768w, https:\/\/zonapalets.com\/wp-content\/uploads\/2025\/05\/PALETS-3-1536x1086.jpg 1536w, https:\/\/zonapalets.com\/wp-content\/uploads\/2025\/05\/PALETS-3-18x12.jpg 18w, https:\/\/zonapalets.com\/wp-content\/uploads\/2025\/05\/PALETS-3.jpg 2000w\" sizes=\"(max-width: 1024px) 100vw, 1024px\" \/>\t\t\t\t\t\t\t\t\t\t\t\t\t\t\t<\/div>\n\t\t\t\t<\/div>\n\t\t\t\t\t<\/div>\n\t\t<\/div>\n\t\t\t\t\t<\/div>\n\t\t<\/section>\n\t\t\t\t<section class=\"elementor-section elementor-top-section elementor-element elementor-element-bfb39c2 elementor-section-boxed elementor-section-height-default elementor-section-height-default\" data-id=\"bfb39c2\" data-element_type=\"section\">\n\t\t\t\t\t\t<div class=\"elementor-container elementor-column-gap-default\">\n\t\t\t\t\t<div class=\"elementor-column elementor-col-50 elementor-top-column elementor-element elementor-element-b1a2876\" data-id=\"b1a2876\" data-element_type=\"column\">\n\t\t\t<div class=\"elementor-widget-wrap elementor-element-populated\">\n\t\t\t\t\t\t<div class=\"elementor-element elementor-element-715238f elementor-widget elementor-widget-image\" data-id=\"715238f\" data-element_type=\"widget\" data-widget_type=\"image.default\">\n\t\t\t\t<div class=\"elementor-widget-container\">\n\t\t\t\t\t\t\t\t\t\t\t\t\t\t\t<img decoding=\"async\" width=\"1024\" height=\"724\" src=\"https:\/\/zonapalets.com\/wp-content\/uploads\/2025\/05\/PALETS-2-1024x724.jpg\" class=\"attachment-large size-large wp-image-631\" alt=\"\" srcset=\"https:\/\/zonapalets.com\/wp-content\/uploads\/2025\/05\/PALETS-2-1024x724.jpg 1024w, https:\/\/zonapalets.com\/wp-content\/uploads\/2025\/05\/PALETS-2-300x212.jpg 300w, https:\/\/zonapalets.com\/wp-content\/uploads\/2025\/05\/PALETS-2-768x543.jpg 768w, https:\/\/zonapalets.com\/wp-content\/uploads\/2025\/05\/PALETS-2-1536x1086.jpg 1536w, https:\/\/zonapalets.com\/wp-content\/uploads\/2025\/05\/PALETS-2-18x12.jpg 18w, https:\/\/zonapalets.com\/wp-content\/uploads\/2025\/05\/PALETS-2.jpg 2000w\" sizes=\"(max-width: 1024px) 100vw, 1024px\" \/>\t\t\t\t\t\t\t\t\t\t\t\t\t\t\t<\/div>\n\t\t\t\t<\/div>\n\t\t\t\t\t<\/div>\n\t\t<\/div>\n\t\t\t\t<div class=\"elementor-column elementor-col-50 elementor-top-column elementor-element elementor-element-de3b603\" data-id=\"de3b603\" data-element_type=\"column\">\n\t\t\t<div class=\"elementor-widget-wrap elementor-element-populated\">\n\t\t\t\t\t\t<div class=\"elementor-element elementor-element-a289a81 elementor-widget elementor-widget-heading\" data-id=\"a289a81\" data-element_type=\"widget\" data-widget_type=\"heading.default\">\n\t\t\t\t<div class=\"elementor-widget-container\">\n\t\t\t\t\t<h2 class=\"elementor-heading-title elementor-size-default\">Zona Palets, expertos en reciclaje de palets cerca de Sabadell<\/h2>\t\t\t\t<\/div>\n\t\t\t\t<\/div>\n\t\t\t\t<div class=\"elementor-element elementor-element-6e7e0e2 elementor-widget elementor-widget-text-editor\" data-id=\"6e7e0e2\" data-element_type=\"widget\" data-widget_type=\"text-editor.default\">\n\t\t\t\t<div class=\"elementor-widget-container\">\n\t\t\t\t\t\t\t\t\t<p class=\"\" data-start=\"2076\" data-end=\"2418\">Elegir Zona Palets es apostar por una empresa seria, transparente y enfocada en el futuro. Nuestro servicio de <strong data-start=\"2187\" data-end=\"2228\">reciclaje de palets <\/strong><span data-start=\"2187\" data-end=\"2228\">cerca de<\/span><strong data-start=\"2187\" data-end=\"2228\"> Sabadell<\/strong> se basa en valores como el respeto por el medio ambiente, la eficiencia y la innovaci\u00f3n. Cada palet reciclado representa un paso m\u00e1s hacia un modelo de negocio m\u00e1s limpio, \u00e9tico y rentable.<\/p>\n<p class=\"\" data-start=\"2420\" data-end=\"2737\">Contamos con instalaciones equipadas para tratar grandes vol\u00famenes y con personal capacitado que supervisa todo el proceso. Si buscas una soluci\u00f3n profesional para el tratamiento de palets usados, estamos aqu\u00ed para ayudarte. Contacta con nosotros y descubre c\u00f3mo podemos trabajar juntos por un entorno m\u00e1s sostenible.<\/p>\t\t\t\t\t\t\t\t<\/div>\n\t\t\t\t<\/div>\n\t\t\t\t\t<\/div>\n\t\t<\/div>\n\t\t\t\t\t<\/div>\n\t\t<\/section>\n\t\t\t\t<section class=\"elementor-section elementor-top-section elementor-element elementor-element-ee426c0 elementor-section-content-bottom elementor-section-boxed elementor-section-height-default elementor-section-height-default\" data-id=\"ee426c0\" data-element_type=\"section\">\n\t\t\t\t\t\t<div class=\"elementor-container elementor-column-gap-no\">\n\t\t\t\t\t<div class=\"elementor-column elementor-col-50 elementor-top-column elementor-element elementor-element-3668912\" data-id=\"3668912\" data-element_type=\"column\">\n\t\t\t<div class=\"elementor-widget-wrap elementor-element-populated\">\n\t\t\t\t\t\t<div class=\"elementor-element elementor-element-f13fc65 elementor-widget elementor-widget-heading\" data-id=\"f13fc65\" data-element_type=\"widget\" data-widget_type=\"heading.default\">\n\t\t\t\t<div class=\"elementor-widget-container\">\n\t\t\t\t\t<h2 class=\"elementor-heading-title elementor-size-default\">\u00bfHablamos?<\/h2>\t\t\t\t<\/div>\n\t\t\t\t<\/div>\n\t\t\t\t<div class=\"elementor-element elementor-element-5efb5b3 elementor-widget-divider--view-line elementor-widget elementor-widget-divider\" data-id=\"5efb5b3\" data-element_type=\"widget\" data-widget_type=\"divider.default\">\n\t\t\t\t<div class=\"elementor-widget-container\">\n\t\t\t\t\t\t\t<div class=\"elementor-divider\">\n\t\t\t<span class=\"elementor-divider-separator\">\n\t\t\t\t\t\t<\/span>\n\t\t<\/div>\n\t\t\t\t\t\t<\/div>\n\t\t\t\t<\/div>\n\t\t\t\t<div class=\"elementor-element elementor-element-98a4fc6 elementor-widget elementor-widget-text-editor\" data-id=\"98a4fc6\" data-element_type=\"widget\" data-widget_type=\"text-editor.default\">\n\t\t\t\t<div class=\"elementor-widget-container\">\n\t\t\t\t\t\t\t\t\t<p>Ofrecemos un servicio integral en la distribuci\u00f3n, restauraci\u00f3n, venta y reciclaje de Palets en Barcelona. Si est\u00e1 interesado en alguno de nuestros servicios no dude en contactar con nosotros.<\/p>\t\t\t\t\t\t\t\t<\/div>\n\t\t\t\t<\/div>\n\t\t\t\t\t<\/div>\n\t\t<\/div>\n\t\t\t\t<div class=\"elementor-column elementor-col-50 elementor-top-column elementor-element elementor-element-37ce17e\" data-id=\"37ce17e\" data-element_type=\"column\">\n\t\t\t<div class=\"elementor-widget-wrap elementor-element-populated\">\n\t\t\t\t\t\t<div class=\"elementor-element elementor-element-c4b9d6d elementor-position-inline-start elementor-view-default elementor-mobile-position-block-start elementor-widget elementor-widget-icon-box\" data-id=\"c4b9d6d\" data-element_type=\"widget\" data-widget_type=\"icon-box.default\">\n\t\t\t\t<div class=\"elementor-widget-container\">\n\t\t\t\t\t\t\t<div class=\"elementor-icon-box-wrapper\">\n\n\t\t\t\t\t\t<div class=\"elementor-icon-box-icon\">\n\t\t\t\t<span  class=\"elementor-icon\">\n\t\t\t\t<i aria-hidden=\"true\" class=\"fas fa-map-marker-alt\"><\/i>\t\t\t\t<\/span>\n\t\t\t<\/div>\n\t\t\t\n\t\t\t\t\t\t<div class=\"elementor-icon-box-content\">\n\n\t\t\t\t\t\t\t\t\t<h6 class=\"elementor-icon-box-title\">\n\t\t\t\t\t\t<span  >\n\t\t\t\t\t\t\tDIRECCI\u00d3N\t\t\t\t\t\t<\/span>\n\t\t\t\t\t<\/h6>\n\t\t\t\t\n\t\t\t\t\t\t\t\t\t<p class=\"elementor-icon-box-description\">\n\t\t\t\t\t\tAv. de Sant Juli\u00e0, 76, 08403 Granollers, Barcelona\t\t\t\t\t<\/p>\n\t\t\t\t\n\t\t\t<\/div>\n\t\t\t\n\t\t<\/div>\n\t\t\t\t\t\t<\/div>\n\t\t\t\t<\/div>\n\t\t\t\t<div class=\"elementor-element elementor-element-a51114a elementor-position-inline-start elementor-view-default elementor-mobile-position-block-start elementor-widget elementor-widget-icon-box\" data-id=\"a51114a\" data-element_type=\"widget\" data-widget_type=\"icon-box.default\">\n\t\t\t\t<div class=\"elementor-widget-container\">\n\t\t\t\t\t\t\t<div class=\"elementor-icon-box-wrapper\">\n\n\t\t\t\t\t\t<div class=\"elementor-icon-box-icon\">\n\t\t\t\t<a href=\"tel: 34666 14 14 88\" class=\"elementor-icon\" tabindex=\"-1\" aria-label=\"TEL\u00c9FONO\">\n\t\t\t\t<i aria-hidden=\"true\" class=\"fas fa-phone\"><\/i>\t\t\t\t<\/a>\n\t\t\t<\/div>\n\t\t\t\n\t\t\t\t\t\t<div class=\"elementor-icon-box-content\">\n\n\t\t\t\t\t\t\t\t\t<h6 class=\"elementor-icon-box-title\">\n\t\t\t\t\t\t<a href=\"tel: 34666 14 14 88\" >\n\t\t\t\t\t\t\tTEL\u00c9FONO\t\t\t\t\t\t<\/a>\n\t\t\t\t\t<\/h6>\n\t\t\t\t\n\t\t\t\t\t\t\t\t\t<p class=\"elementor-icon-box-description\">\n\t\t\t\t\t\t666 14 14 88\t\t\t\t\t<\/p>\n\t\t\t\t\n\t\t\t<\/div>\n\t\t\t\n\t\t<\/div>\n\t\t\t\t\t\t<\/div>\n\t\t\t\t<\/div>\n\t\t\t\t<div class=\"elementor-element elementor-element-dab7777 elementor-position-inline-start elementor-view-default elementor-mobile-position-block-start elementor-widget elementor-widget-icon-box\" data-id=\"dab7777\" data-element_type=\"widget\" data-widget_type=\"icon-box.default\">\n\t\t\t\t<div class=\"elementor-widget-container\">\n\t\t\t\t\t\t\t<div class=\"elementor-icon-box-wrapper\">\n\n\t\t\t\t\t\t<div class=\"elementor-icon-box-icon\">\n\t\t\t\t<a href=\"mailto:contacto@zonapalets.com\" class=\"elementor-icon\" tabindex=\"-1\" aria-label=\"Email\">\n\t\t\t\t<i aria-hidden=\"true\" class=\"fas fa-envelope\"><\/i>\t\t\t\t<\/a>\n\t\t\t<\/div>\n\t\t\t\n\t\t\t\t\t\t<div class=\"elementor-icon-box-content\">\n\n\t\t\t\t\t\t\t\t\t<h6 class=\"elementor-icon-box-title\">\n\t\t\t\t\t\t<a href=\"mailto:contacto@zonapalets.com\" >\n\t\t\t\t\t\t\tEmail\t\t\t\t\t\t<\/a>\n\t\t\t\t\t<\/h6>\n\t\t\t\t\n\t\t\t\t\t\t\t\t\t<p class=\"elementor-icon-box-description\">\n\t\t\t\t\t\tcontacto@zonapalets.com\t\t\t\t\t<\/p>\n\t\t\t\t\n\t\t\t<\/div>\n\t\t\t\n\t\t<\/div>\n\t\t\t\t\t\t<\/div>\n\t\t\t\t<\/div>\n\t\t\t\t\t<\/div>\n\t\t<\/div>\n\t\t\t\t\t<\/div>\n\t\t<\/section>\n\t\t\t\t<section class=\"elementor-section elementor-top-section elementor-element elementor-element-09c00e4 elementor-section-full_width elementor-section-height-min-height elementor-hidden-tablet elementor-hidden-mobile elementor-section-height-default elementor-section-items-middle\" data-id=\"09c00e4\" data-element_type=\"section\" data-settings=\"{&quot;background_background&quot;:&quot;classic&quot;}\">\n\t\t\t\t\t\t<div class=\"elementor-container elementor-column-gap-default\">\n\t\t\t\t\t<div class=\"elementor-column elementor-col-100 elementor-top-column elementor-element elementor-element-1d6948d\" data-id=\"1d6948d\" data-element_type=\"column\">\n\t\t\t<div class=\"elementor-widget-wrap elementor-element-populated\">\n\t\t\t\t\t\t<div class=\"elementor-element elementor-element-590d449 elementor-headline--style-rotate elementor-widget elementor-widget-animated-headline\" data-id=\"590d449\" data-element_type=\"widget\" data-settings=\"{&quot;headline_style&quot;:&quot;rotate&quot;,&quot;animation_type&quot;:&quot;slide&quot;,&quot;rotating_text&quot;:&quot;L\\u00edderes del mercado de comercializaci\\u00f3n de palets\\nComprometidos con la sostenibilidad\\nMateriales de primera calidad \\n&quot;,&quot;loop&quot;:&quot;yes&quot;,&quot;rotate_iteration_delay&quot;:2500}\" data-widget_type=\"animated-headline.default\">\n\t\t\t\t<div class=\"elementor-widget-container\">\n\t\t\t\t\t\t\t<h4 class=\"elementor-headline elementor-headline-animation-type-slide\">\n\t\t\t\t<span class=\"elementor-headline-dynamic-wrapper elementor-headline-text-wrapper\">\n\t\t\t\t\t<span class=\"elementor-headline-dynamic-text elementor-headline-text-active\">\n\t\t\t\tL\u00edderes&nbsp;del&nbsp;mercado&nbsp;de&nbsp;comercializaci\u00f3n&nbsp;de&nbsp;palets\t\t\t<\/span>\n\t\t\t\t\t<span class=\"elementor-headline-dynamic-text\">\n\t\t\t\tComprometidos&nbsp;con&nbsp;la&nbsp;sostenibilidad\t\t\t<\/span>\n\t\t\t\t\t<span class=\"elementor-headline-dynamic-text\">\n\t\t\t\tMateriales&nbsp;de&nbsp;primera&nbsp;calidad&nbsp;\t\t\t<\/span>\n\t\t\t\t\t<span class=\"elementor-headline-dynamic-text\">\n\t\t\t\t\t\t\t<\/span>\n\t\t\t\t\t\t<\/span>\n\t\t\t\t<\/h4>\n\t\t\t\t\t\t<\/div>\n\t\t\t\t<\/div>\n\t\t\t\t\t<\/div>\n\t\t<\/div>\n\t\t\t\t\t<\/div>\n\t\t<\/section>\n\t\t\t\t<section class=\"elementor-section elementor-top-section elementor-element elementor-element-92c906a elementor-section-full_width elementor-section-height-min-height elementor-hidden-desktop elementor-section-height-default elementor-section-items-middle\" data-id=\"92c906a\" data-element_type=\"section\" data-settings=\"{&quot;background_background&quot;:&quot;classic&quot;}\">\n\t\t\t\t\t\t<div class=\"elementor-container elementor-column-gap-default\">\n\t\t\t\t\t<div class=\"elementor-column elementor-col-100 elementor-top-column elementor-element elementor-element-fc80565\" data-id=\"fc80565\" data-element_type=\"column\">\n\t\t\t<div class=\"elementor-widget-wrap elementor-element-populated\">\n\t\t\t\t\t\t<div class=\"elementor-element elementor-element-78ca0e2 elementor-headline--style-rotate elementor-widget elementor-widget-animated-headline\" data-id=\"78ca0e2\" data-element_type=\"widget\" data-settings=\"{&quot;headline_style&quot;:&quot;rotate&quot;,&quot;animation_type&quot;:&quot;slide&quot;,&quot;rotating_text&quot;:&quot;L\\u00edderes del mercado de palets\\nComprometidos con la sostenibilidad\\nMateriales de primera calidad \\n&quot;,&quot;loop&quot;:&quot;yes&quot;,&quot;rotate_iteration_delay&quot;:2500}\" data-widget_type=\"animated-headline.default\">\n\t\t\t\t<div class=\"elementor-widget-container\">\n\t\t\t\t\t\t\t<h4 class=\"elementor-headline elementor-headline-animation-type-slide\">\n\t\t\t\t<span class=\"elementor-headline-dynamic-wrapper elementor-headline-text-wrapper\">\n\t\t\t\t\t<span class=\"elementor-headline-dynamic-text elementor-headline-text-active\">\n\t\t\t\tL\u00edderes&nbsp;del&nbsp;mercado&nbsp;de&nbsp;palets\t\t\t<\/span>\n\t\t\t\t\t<span class=\"elementor-headline-dynamic-text\">\n\t\t\t\tComprometidos&nbsp;con&nbsp;la&nbsp;sostenibilidad\t\t\t<\/span>\n\t\t\t\t\t<span class=\"elementor-headline-dynamic-text\">\n\t\t\t\tMateriales&nbsp;de&nbsp;primera&nbsp;calidad&nbsp;\t\t\t<\/span>\n\t\t\t\t\t<span class=\"elementor-headline-dynamic-text\">\n\t\t\t\t\t\t\t<\/span>\n\t\t\t\t\t\t<\/span>\n\t\t\t\t<\/h4>\n\t\t\t\t\t\t<\/div>\n\t\t\t\t<\/div>\n\t\t\t\t\t<\/div>\n\t\t<\/div>\n\t\t\t\t\t<\/div>\n\t\t<\/section>\n\t\t\t\t<section class=\"elementor-section elementor-top-section elementor-element elementor-element-f54e7d7 elementor-section-full_width elementor-section-height-default elementor-section-height-default\" data-id=\"f54e7d7\" data-element_type=\"section\">\n\t\t\t\t\t\t<div class=\"elementor-container elementor-column-gap-default\">\n\t\t\t\t\t<div class=\"elementor-column elementor-col-100 elementor-top-column elementor-element elementor-element-d1bd73a\" data-id=\"d1bd73a\" data-element_type=\"column\">\n\t\t\t<div class=\"elementor-widget-wrap elementor-element-populated\">\n\t\t\t\t\t\t<div class=\"elementor-element elementor-element-0256204 elementor-widget elementor-widget-html\" data-id=\"0256204\" data-element_type=\"widget\" data-widget_type=\"html.default\">\n\t\t\t\t<div class=\"elementor-widget-container\">\n\t\t\t\t\t<iframe src=\"https:\/\/www.google.com\/maps\/embed?pb=!1m14!1m8!1m3!1d11935.329340287424!2d2.2746248!3d41.5945098!3m2!1i1024!2i768!4f13.1!3m3!1m2!1s0x12a4c7d83a0b2835%3A0x4b7caa440e7a11a6!2sZONA%20PALETS%20S.L.!5e0!3m2!1ses!2ses!4v1684489372068!5m2!1ses!2ses\" width=\"600\" height=\"450\" style=\"border:0;\" allowfullscreen=\"\" loading=\"lazy\" referrerpolicy=\"no-referrer-when-downgrade\"><\/iframe>\t\t\t\t<\/div>\n\t\t\t\t<\/div>\n\t\t\t\t\t<\/div>\n\t\t<\/div>\n\t\t\t\t\t<\/div>\n\t\t<\/section>\n\t\t\t\t<\/div>","protected":false},"excerpt":{"rendered":"<p>Reciclaje de palets cerca de Sabadell Comprometidos con el reciclaje de palets cerca de Sabadell En Zona Palets, creemos firmemente que cada acci\u00f3n cuenta cuando se trata de proteger el medio ambiente. Nuestro servicio de reciclaje de palets cerca de Sabadell nace del compromiso con la sostenibilidad y la econom\u00eda circular. Gracias a a\u00f1os de&hellip;&nbsp;<a href=\"https:\/\/zonapalets.com\/ca\/reciclaje-de-palets-sabadell\/\" rel=\"bookmark\"><span class=\"screen-reader-text\">Reciclaje de palets Sabadell<\/span><\/a><\/p>","protected":false},"author":1,"featured_media":0,"parent":0,"menu_order":0,"comment_status":"closed","ping_status":"closed","template":"page-templates\/template-pagebuilder-full-width.php","meta":{"neve_meta_sidebar":"","neve_meta_container":"","neve_meta_enable_content_width":"off","neve_meta_content_width":100,"neve_meta_title_alignment":"","neve_meta_author_avatar":"","neve_post_elements_order":"","neve_meta_disable_header":"","neve_meta_disable_footer":"","neve_meta_disable_title":"","neve_meta_reading_time":"","footnotes":""},"class_list":["post-641","page","type-page","status-publish","hentry"],"yoast_head":"<!-- This site is optimized with the Yoast SEO plugin v26.7 - https:\/\/yoast.com\/wordpress\/plugins\/seo\/ -->\n<title>Reciclaje de palets Sabadell - Zona Palets | Compra, venta y reciclaje de Palets<\/title>\n<meta name=\"robots\" content=\"index, follow, max-snippet:-1, max-image-preview:large, max-video-preview:-1\" \/>\n<link rel=\"canonical\" href=\"https:\/\/zonapalets.com\/ca\/reciclaje-de-palets-sabadell\/\" \/>\n<meta property=\"og:locale\" content=\"ca_ES\" \/>\n<meta property=\"og:type\" content=\"article\" \/>\n<meta property=\"og:title\" content=\"Reciclaje de palets Sabadell - Zona Palets | Compra, venta y reciclaje de Palets\" \/>\n<meta property=\"og:description\" content=\"Reciclaje de palets cerca de Sabadell Comprometidos con el reciclaje de palets cerca de Sabadell En Zona Palets, creemos firmemente que cada acci\u00f3n cuenta cuando se trata de proteger el medio ambiente. Nuestro servicio de reciclaje de palets cerca de Sabadell nace del compromiso con la sostenibilidad y la econom\u00eda circular. Gracias a a\u00f1os de&hellip;&nbsp;Reciclaje de palets Sabadell\" \/>\n<meta property=\"og:url\" content=\"https:\/\/zonapalets.com\/ca\/reciclaje-de-palets-sabadell\/\" \/>\n<meta property=\"og:site_name\" content=\"Zona Palets | Compra, venta y reciclaje de Palets\" \/>\n<meta property=\"article:modified_time\" content=\"2025-05-21T08:09:25+00:00\" \/>\n<meta property=\"og:image\" content=\"https:\/\/zonapalets.com\/wp-content\/uploads\/2025\/05\/PALETS-4-1024x724.jpg\" \/>\n<meta name=\"twitter:card\" content=\"summary_large_image\" \/>\n<meta name=\"twitter:label1\" content=\"Temps estimat de lectura\" \/>\n\t<meta name=\"twitter:data1\" content=\"3 minuts\" \/>\n<script type=\"application\/ld+json\" class=\"yoast-schema-graph\">{\"@context\":\"https:\/\/schema.org\",\"@graph\":[{\"@type\":\"WebPage\",\"@id\":\"https:\/\/zonapalets.com\/reciclaje-de-palets-sabadell\/\",\"url\":\"https:\/\/zonapalets.com\/reciclaje-de-palets-sabadell\/\",\"name\":\"Reciclaje de palets Sabadell - Zona Palets | Compra, venta y reciclaje de Palets\",\"isPartOf\":{\"@id\":\"https:\/\/zonapalets.com\/#website\"},\"primaryImageOfPage\":{\"@id\":\"https:\/\/zonapalets.com\/reciclaje-de-palets-sabadell\/#primaryimage\"},\"image\":{\"@id\":\"https:\/\/zonapalets.com\/reciclaje-de-palets-sabadell\/#primaryimage\"},\"thumbnailUrl\":\"https:\/\/zonapalets.com\/wp-content\/uploads\/2025\/05\/PALETS-4-1024x724.jpg\",\"datePublished\":\"2025-05-20T09:40:57+00:00\",\"dateModified\":\"2025-05-21T08:09:25+00:00\",\"breadcrumb\":{\"@id\":\"https:\/\/zonapalets.com\/reciclaje-de-palets-sabadell\/#breadcrumb\"},\"inLanguage\":\"ca\",\"potentialAction\":[{\"@type\":\"ReadAction\",\"target\":[\"https:\/\/zonapalets.com\/reciclaje-de-palets-sabadell\/\"]}]},{\"@type\":\"ImageObject\",\"inLanguage\":\"ca\",\"@id\":\"https:\/\/zonapalets.com\/reciclaje-de-palets-sabadell\/#primaryimage\",\"url\":\"https:\/\/zonapalets.com\/wp-content\/uploads\/2025\/05\/PALETS-4-1024x724.jpg\",\"contentUrl\":\"https:\/\/zonapalets.com\/wp-content\/uploads\/2025\/05\/PALETS-4-1024x724.jpg\"},{\"@type\":\"BreadcrumbList\",\"@id\":\"https:\/\/zonapalets.com\/reciclaje-de-palets-sabadell\/#breadcrumb\",\"itemListElement\":[{\"@type\":\"ListItem\",\"position\":1,\"name\":\"Portada\",\"item\":\"https:\/\/zonapalets.com\/\"},{\"@type\":\"ListItem\",\"position\":2,\"name\":\"Reciclaje de palets Sabadell\"}]},{\"@type\":\"WebSite\",\"@id\":\"https:\/\/zonapalets.com\/#website\",\"url\":\"https:\/\/zonapalets.com\/\",\"name\":\"Zona Palets | Compra, venta y reciclaje de Palets\",\"description\":\"Fabricamos, restauramos y comercializamos palets.\",\"potentialAction\":[{\"@type\":\"SearchAction\",\"target\":{\"@type\":\"EntryPoint\",\"urlTemplate\":\"https:\/\/zonapalets.com\/?s={search_term_string}\"},\"query-input\":{\"@type\":\"PropertyValueSpecification\",\"valueRequired\":true,\"valueName\":\"search_term_string\"}}],\"inLanguage\":\"ca\"}]}<\/script>\n<!-- \/ Yoast SEO plugin. -->","yoast_head_json":{"title":"Reciclaje de palets Sabadell - Zona Palets | Compra, venta y reciclaje de Palets","robots":{"index":"index","follow":"follow","max-snippet":"max-snippet:-1","max-image-preview":"max-image-preview:large","max-video-preview":"max-video-preview:-1"},"canonical":"https:\/\/zonapalets.com\/ca\/reciclaje-de-palets-sabadell\/","og_locale":"ca_ES","og_type":"article","og_title":"Reciclaje de palets Sabadell - Zona Palets | Compra, venta y reciclaje de Palets","og_description":"Reciclaje de palets cerca de Sabadell Comprometidos con el reciclaje de palets cerca de Sabadell En Zona Palets, creemos firmemente que cada acci\u00f3n cuenta cuando se trata de proteger el medio ambiente. Nuestro servicio de reciclaje de palets cerca de Sabadell nace del compromiso con la sostenibilidad y la econom\u00eda circular. Gracias a a\u00f1os de&hellip;&nbsp;Reciclaje de palets Sabadell","og_url":"https:\/\/zonapalets.com\/ca\/reciclaje-de-palets-sabadell\/","og_site_name":"Zona Palets | Compra, venta y reciclaje de Palets","article_modified_time":"2025-05-21T08:09:25+00:00","og_image":[{"url":"https:\/\/zonapalets.com\/wp-content\/uploads\/2025\/05\/PALETS-4-1024x724.jpg","type":"","width":"","height":""}],"twitter_card":"summary_large_image","twitter_misc":{"Temps estimat de lectura":"3 minuts"},"schema":{"@context":"https:\/\/schema.org","@graph":[{"@type":"WebPage","@id":"https:\/\/zonapalets.com\/reciclaje-de-palets-sabadell\/","url":"https:\/\/zonapalets.com\/reciclaje-de-palets-sabadell\/","name":"Reciclaje de palets Sabadell - Zona Palets | Compra, venta y reciclaje de Palets","isPartOf":{"@id":"https:\/\/zonapalets.com\/#website"},"primaryImageOfPage":{"@id":"https:\/\/zonapalets.com\/reciclaje-de-palets-sabadell\/#primaryimage"},"image":{"@id":"https:\/\/zonapalets.com\/reciclaje-de-palets-sabadell\/#primaryimage"},"thumbnailUrl":"https:\/\/zonapalets.com\/wp-content\/uploads\/2025\/05\/PALETS-4-1024x724.jpg","datePublished":"2025-05-20T09:40:57+00:00","dateModified":"2025-05-21T08:09:25+00:00","breadcrumb":{"@id":"https:\/\/zonapalets.com\/reciclaje-de-palets-sabadell\/#breadcrumb"},"inLanguage":"ca","potentialAction":[{"@type":"ReadAction","target":["https:\/\/zonapalets.com\/reciclaje-de-palets-sabadell\/"]}]},{"@type":"ImageObject","inLanguage":"ca","@id":"https:\/\/zonapalets.com\/reciclaje-de-palets-sabadell\/#primaryimage","url":"https:\/\/zonapalets.com\/wp-content\/uploads\/2025\/05\/PALETS-4-1024x724.jpg","contentUrl":"https:\/\/zonapalets.com\/wp-content\/uploads\/2025\/05\/PALETS-4-1024x724.jpg"},{"@type":"BreadcrumbList","@id":"https:\/\/zonapalets.com\/reciclaje-de-palets-sabadell\/#breadcrumb","itemListElement":[{"@type":"ListItem","position":1,"name":"Portada","item":"https:\/\/zonapalets.com\/"},{"@type":"ListItem","position":2,"name":"Reciclaje de palets Sabadell"}]},{"@type":"WebSite","@id":"https:\/\/zonapalets.com\/#website","url":"https:\/\/zonapalets.com\/","name":"Zona Palets | Compra, venta y reciclaje de Palets","description":"Fabricamos, restauramos y comercializamos palets.","potentialAction":[{"@type":"SearchAction","target":{"@type":"EntryPoint","urlTemplate":"https:\/\/zonapalets.com\/?s={search_term_string}"},"query-input":{"@type":"PropertyValueSpecification","valueRequired":true,"valueName":"search_term_string"}}],"inLanguage":"ca"}]}},"_links":{"self":[{"href":"https:\/\/zonapalets.com\/ca\/wp-json\/wp\/v2\/pages\/641","targetHints":{"allow":["GET"]}}],"collection":[{"href":"https:\/\/zonapalets.com\/ca\/wp-json\/wp\/v2\/pages"}],"about":[{"href":"https:\/\/zonapalets.com\/ca\/wp-json\/wp\/v2\/types\/page"}],"author":[{"embeddable":true,"href":"https:\/\/zonapalets.com\/ca\/wp-json\/wp\/v2\/users\/1"}],"replies":[{"embeddable":true,"href":"https:\/\/zonapalets.com\/ca\/wp-json\/wp\/v2\/comments?post=641"}],"version-history":[{"count":8,"href":"https:\/\/zonapalets.com\/ca\/wp-json\/wp\/v2\/pages\/641\/revisions"}],"predecessor-version":[{"id":731,"href":"https:\/\/zonapalets.com\/ca\/wp-json\/wp\/v2\/pages\/641\/revisions\/731"}],"wp:attachment":[{"href":"https:\/\/zonapalets.com\/ca\/wp-json\/wp\/v2\/media?parent=641"}],"curies":[{"name":"wp","href":"https:\/\/api.w.org\/{rel}","templated":true}]}}