{"id":873,"date":"2025-11-13T10:46:44","date_gmt":"2025-11-13T10:46:44","guid":{"rendered":"https:\/\/zonapalets.com\/?page_id=873"},"modified":"2025-11-13T10:48:16","modified_gmt":"2025-11-13T10:48:16","slug":"venta-de-palets-en-terrassa","status":"publish","type":"page","link":"https:\/\/zonapalets.com\/ca\/venta-de-palets-en-terrassa\/","title":{"rendered":"Venta de palets en Terrassa"},"content":{"rendered":"<div data-elementor-type=\"wp-page\" data-elementor-id=\"873\" class=\"elementor elementor-873\" data-elementor-post-type=\"page\">\n\t\t\t\t\t\t<section class=\"elementor-section elementor-top-section elementor-element elementor-element-80fdd2f elementor-section-full_width elementor-section-height-min-height elementor-section-height-default elementor-section-items-middle elementor-invisible\" data-id=\"80fdd2f\" data-element_type=\"section\" data-settings=\"{&quot;background_background&quot;:&quot;classic&quot;,&quot;animation&quot;:&quot;fadeInLeft&quot;}\">\n\t\t\t\t\t\t\t<div class=\"elementor-background-overlay\"><\/div>\n\t\t\t\t\t\t\t<div class=\"elementor-container elementor-column-gap-default\">\n\t\t\t\t\t<div class=\"elementor-column elementor-col-100 elementor-top-column elementor-element elementor-element-c520516\" data-id=\"c520516\" data-element_type=\"column\">\n\t\t\t<div class=\"elementor-widget-wrap elementor-element-populated\">\n\t\t\t\t\t\t<section class=\"elementor-section elementor-inner-section elementor-element elementor-element-278b10c elementor-section-boxed elementor-section-height-default elementor-section-height-default\" data-id=\"278b10c\" data-element_type=\"section\">\n\t\t\t\t\t\t<div class=\"elementor-container elementor-column-gap-default\">\n\t\t\t\t\t<div class=\"elementor-column elementor-col-100 elementor-inner-column elementor-element elementor-element-f16c4c2\" data-id=\"f16c4c2\" data-element_type=\"column\">\n\t\t\t<div class=\"elementor-widget-wrap elementor-element-populated\">\n\t\t\t\t\t\t<div class=\"elementor-element elementor-element-f346184 elementor-widget elementor-widget-heading\" data-id=\"f346184\" data-element_type=\"widget\" data-widget_type=\"heading.default\">\n\t\t\t\t<div class=\"elementor-widget-container\">\n\t\t\t\t\t<h2 class=\"elementor-heading-title elementor-size-default\">Venta de palets en Terrassa<\/h2>\t\t\t\t<\/div>\n\t\t\t\t<\/div>\n\t\t\t\t\t<\/div>\n\t\t<\/div>\n\t\t\t\t\t<\/div>\n\t\t<\/section>\n\t\t\t\t\t<\/div>\n\t\t<\/div>\n\t\t\t\t\t<\/div>\n\t\t<\/section>\n\t\t\t\t<section class=\"elementor-section elementor-top-section elementor-element elementor-element-0393227 elementor-section-boxed elementor-section-height-default elementor-section-height-default\" data-id=\"0393227\" data-element_type=\"section\">\n\t\t\t\t\t\t<div class=\"elementor-container elementor-column-gap-default\">\n\t\t\t\t\t<div class=\"elementor-column elementor-col-50 elementor-top-column elementor-element elementor-element-dadd9c6\" data-id=\"dadd9c6\" data-element_type=\"column\">\n\t\t\t<div class=\"elementor-widget-wrap elementor-element-populated\">\n\t\t\t\t\t\t<div class=\"elementor-element elementor-element-1703a33 elementor-widget elementor-widget-image\" data-id=\"1703a33\" data-element_type=\"widget\" data-widget_type=\"image.default\">\n\t\t\t\t<div class=\"elementor-widget-container\">\n\t\t\t\t\t\t\t\t\t\t\t\t\t\t\t<img fetchpriority=\"high\" decoding=\"async\" width=\"1024\" height=\"724\" src=\"https:\/\/zonapalets.com\/wp-content\/uploads\/2025\/05\/PALETS-4-1024x724.jpg\" class=\"attachment-large size-large wp-image-633\" alt=\"\" srcset=\"https:\/\/zonapalets.com\/wp-content\/uploads\/2025\/05\/PALETS-4-1024x724.jpg 1024w, https:\/\/zonapalets.com\/wp-content\/uploads\/2025\/05\/PALETS-4-300x212.jpg 300w, https:\/\/zonapalets.com\/wp-content\/uploads\/2025\/05\/PALETS-4-768x543.jpg 768w, https:\/\/zonapalets.com\/wp-content\/uploads\/2025\/05\/PALETS-4-1536x1086.jpg 1536w, https:\/\/zonapalets.com\/wp-content\/uploads\/2025\/05\/PALETS-4-18x12.jpg 18w, https:\/\/zonapalets.com\/wp-content\/uploads\/2025\/05\/PALETS-4.jpg 2000w\" sizes=\"(max-width: 1024px) 100vw, 1024px\" \/>\t\t\t\t\t\t\t\t\t\t\t\t\t\t\t<\/div>\n\t\t\t\t<\/div>\n\t\t\t\t\t<\/div>\n\t\t<\/div>\n\t\t\t\t<div class=\"elementor-column elementor-col-50 elementor-top-column elementor-element elementor-element-1e9f850\" data-id=\"1e9f850\" data-element_type=\"column\">\n\t\t\t<div class=\"elementor-widget-wrap elementor-element-populated\">\n\t\t\t\t\t\t<div class=\"elementor-element elementor-element-05188dc elementor-widget elementor-widget-heading\" data-id=\"05188dc\" data-element_type=\"widget\" data-widget_type=\"heading.default\">\n\t\t\t\t<div class=\"elementor-widget-container\">\n\t\t\t\t\t<h2 class=\"elementor-heading-title elementor-size-default\">Venta de palets en Terrassa: soluciones resistentes, sostenibles y adaptadas a tu negocio<\/h2>\t\t\t\t<\/div>\n\t\t\t\t<\/div>\n\t\t\t\t<div class=\"elementor-element elementor-element-3e43512 elementor-widget elementor-widget-text-editor\" data-id=\"3e43512\" data-element_type=\"widget\" data-widget_type=\"text-editor.default\">\n\t\t\t\t<div class=\"elementor-widget-container\">\n\t\t\t\t\t\t\t\t\t<p style=\"text-align: justify;\" data-start=\"277\" data-end=\"765\">En <strong>Zona Palets<\/strong> trabajamos cada d\u00eda para ofrecer un servicio eficiente y fiable de <strong data-start=\"359\" data-end=\"390\">venta de palets en Terrassa<\/strong>, adaptado a las necesidades reales de empresas industriales, log\u00edsticas y comerciales. Disponemos de un amplio stock de palets nuevos, reciclados y reacondicionados, todos preparados para su uso inmediato. Nuestro objetivo es garantizar a cada cliente una soluci\u00f3n log\u00edstica rentable, segura y sostenible, con entregas r\u00e1pidas y un servicio cercano que marque la diferencia.<br \/>Adem\u00e1s, contamos con un equipo t\u00e9cnico especializado que te asesora en la elecci\u00f3n del tipo de palet m\u00e1s adecuado seg\u00fan tu operativa. Conf\u00eda en un proveedor con experiencia y compromiso.<\/p>\t\t\t\t\t\t\t\t<\/div>\n\t\t\t\t<\/div>\n\t\t\t\t\t<\/div>\n\t\t<\/div>\n\t\t\t\t\t<\/div>\n\t\t<\/section>\n\t\t\t\t<section class=\"elementor-section elementor-top-section elementor-element elementor-element-adbaefd elementor-section-boxed elementor-section-height-default elementor-section-height-default\" data-id=\"adbaefd\" data-element_type=\"section\">\n\t\t\t\t\t\t<div class=\"elementor-container elementor-column-gap-default\">\n\t\t\t\t\t<div class=\"elementor-column elementor-col-50 elementor-top-column elementor-element elementor-element-56549e2\" data-id=\"56549e2\" data-element_type=\"column\">\n\t\t\t<div class=\"elementor-widget-wrap elementor-element-populated\">\n\t\t\t\t\t\t<div class=\"elementor-element elementor-element-6a5c9e4 elementor-widget elementor-widget-heading\" data-id=\"6a5c9e4\" data-element_type=\"widget\" data-widget_type=\"heading.default\">\n\t\t\t\t<div class=\"elementor-widget-container\">\n\t\t\t\t\t<h2 class=\"elementor-heading-title elementor-size-default\">Qu\u00e9 nos diferencia en la venta de palets en Terrassa<\/h2>\t\t\t\t<\/div>\n\t\t\t\t<\/div>\n\t\t\t\t<div class=\"elementor-element elementor-element-bca1157 elementor-widget elementor-widget-text-editor\" data-id=\"bca1157\" data-element_type=\"widget\" data-widget_type=\"text-editor.default\">\n\t\t\t\t<div class=\"elementor-widget-container\">\n\t\t\t\t\t\t\t\t\t<p style=\"text-align: justify;\" data-start=\"229\" data-end=\"574\">Nuestra experiencia en la <strong data-start=\"255\" data-end=\"286\">venta de palets en Terrassa<\/strong> nos permite ofrecer productos fiables, resistentes y adaptados a las exigencias de cada tipo de empresa. Trabajamos con materiales de primera calidad y aplicamos controles rigurosos para garantizar la durabilidad y funcionalidad de cada unidad, ya sea nueva, reciclada o reacondicionada.<\/p><p style=\"text-align: justify;\" data-start=\"576\" data-end=\"896\">Todos los palets que distribuimos cumplen con los est\u00e1ndares t\u00e9cnicos y normativos necesarios, y han sido seleccionados seg\u00fan su estado y uso previsto. Esto nos permite ofrecer soluciones seguras y eficientes, minimizando riesgos en el transporte y almacenamiento y mejorando la operativa log\u00edstica de nuestros clientes.<\/p>\t\t\t\t\t\t\t\t<\/div>\n\t\t\t\t<\/div>\n\t\t\t\t\t<\/div>\n\t\t<\/div>\n\t\t\t\t<div class=\"elementor-column elementor-col-50 elementor-top-column elementor-element elementor-element-295c757\" data-id=\"295c757\" data-element_type=\"column\">\n\t\t\t<div class=\"elementor-widget-wrap elementor-element-populated\">\n\t\t\t\t\t\t<div class=\"elementor-element elementor-element-1154ced elementor-widget elementor-widget-image\" data-id=\"1154ced\" data-element_type=\"widget\" data-widget_type=\"image.default\">\n\t\t\t\t<div class=\"elementor-widget-container\">\n\t\t\t\t\t\t\t\t\t\t\t\t\t\t\t<img decoding=\"async\" width=\"1024\" height=\"724\" src=\"https:\/\/zonapalets.com\/wp-content\/uploads\/2025\/05\/PALETS-3-1024x724.jpg\" class=\"attachment-large size-large wp-image-632\" alt=\"\" srcset=\"https:\/\/zonapalets.com\/wp-content\/uploads\/2025\/05\/PALETS-3-1024x724.jpg 1024w, https:\/\/zonapalets.com\/wp-content\/uploads\/2025\/05\/PALETS-3-300x212.jpg 300w, https:\/\/zonapalets.com\/wp-content\/uploads\/2025\/05\/PALETS-3-768x543.jpg 768w, https:\/\/zonapalets.com\/wp-content\/uploads\/2025\/05\/PALETS-3-1536x1086.jpg 1536w, https:\/\/zonapalets.com\/wp-content\/uploads\/2025\/05\/PALETS-3-18x12.jpg 18w, https:\/\/zonapalets.com\/wp-content\/uploads\/2025\/05\/PALETS-3.jpg 2000w\" sizes=\"(max-width: 1024px) 100vw, 1024px\" \/>\t\t\t\t\t\t\t\t\t\t\t\t\t\t\t<\/div>\n\t\t\t\t<\/div>\n\t\t\t\t\t<\/div>\n\t\t<\/div>\n\t\t\t\t\t<\/div>\n\t\t<\/section>\n\t\t\t\t<section class=\"elementor-section elementor-top-section elementor-element elementor-element-bfb39c2 elementor-section-boxed elementor-section-height-default elementor-section-height-default\" data-id=\"bfb39c2\" data-element_type=\"section\">\n\t\t\t\t\t\t<div class=\"elementor-container elementor-column-gap-default\">\n\t\t\t\t\t<div class=\"elementor-column elementor-col-50 elementor-top-column elementor-element elementor-element-b1a2876\" data-id=\"b1a2876\" data-element_type=\"column\">\n\t\t\t<div class=\"elementor-widget-wrap elementor-element-populated\">\n\t\t\t\t\t\t<div class=\"elementor-element elementor-element-715238f elementor-widget elementor-widget-image\" data-id=\"715238f\" data-element_type=\"widget\" data-widget_type=\"image.default\">\n\t\t\t\t<div class=\"elementor-widget-container\">\n\t\t\t\t\t\t\t\t\t\t\t\t\t\t\t<img decoding=\"async\" width=\"1024\" height=\"724\" src=\"https:\/\/zonapalets.com\/wp-content\/uploads\/2025\/05\/PALETS-2-1024x724.jpg\" class=\"attachment-large size-large wp-image-631\" alt=\"\" srcset=\"https:\/\/zonapalets.com\/wp-content\/uploads\/2025\/05\/PALETS-2-1024x724.jpg 1024w, https:\/\/zonapalets.com\/wp-content\/uploads\/2025\/05\/PALETS-2-300x212.jpg 300w, https:\/\/zonapalets.com\/wp-content\/uploads\/2025\/05\/PALETS-2-768x543.jpg 768w, https:\/\/zonapalets.com\/wp-content\/uploads\/2025\/05\/PALETS-2-1536x1086.jpg 1536w, https:\/\/zonapalets.com\/wp-content\/uploads\/2025\/05\/PALETS-2-18x12.jpg 18w, https:\/\/zonapalets.com\/wp-content\/uploads\/2025\/05\/PALETS-2.jpg 2000w\" sizes=\"(max-width: 1024px) 100vw, 1024px\" \/>\t\t\t\t\t\t\t\t\t\t\t\t\t\t\t<\/div>\n\t\t\t\t<\/div>\n\t\t\t\t\t<\/div>\n\t\t<\/div>\n\t\t\t\t<div class=\"elementor-column elementor-col-50 elementor-top-column elementor-element elementor-element-de3b603\" data-id=\"de3b603\" data-element_type=\"column\">\n\t\t\t<div class=\"elementor-widget-wrap elementor-element-populated\">\n\t\t\t\t\t\t<div class=\"elementor-element elementor-element-a289a81 elementor-widget elementor-widget-heading\" data-id=\"a289a81\" data-element_type=\"widget\" data-widget_type=\"heading.default\">\n\t\t\t\t<div class=\"elementor-widget-container\">\n\t\t\t\t\t<h2 class=\"elementor-heading-title elementor-size-default\">Atenci\u00f3n personalizada y servicio a medida<\/h2>\t\t\t\t<\/div>\n\t\t\t\t<\/div>\n\t\t\t\t<div class=\"elementor-element elementor-element-6e7e0e2 elementor-widget elementor-widget-text-editor\" data-id=\"6e7e0e2\" data-element_type=\"widget\" data-widget_type=\"text-editor.default\">\n\t\t\t\t<div class=\"elementor-widget-container\">\n\t\t\t\t\t\t\t\t\t<p style=\"text-align: justify;\" data-start=\"1742\" data-end=\"2200\">Sabemos que cada empresa tiene su propio ritmo y exigencias operativas. Por eso, en nuestro servicio de <strong data-start=\"1846\" data-end=\"1877\">venta de palets en Terrassa<\/strong> apostamos por una atenci\u00f3n personalizada que empieza con el asesoramiento adecuado y termina con una entrega puntual en tus instalaciones. Ya sea que busques optimizar costes, incorporar soluciones sostenibles o renovar tu stock, en Zona Palets te acompa\u00f1amos en todo el proceso con profesionalidad, compromiso y cercan\u00eda.<\/p><p style=\"text-align: justify;\" data-start=\"2202\" data-end=\"2357\">Nos adaptamos a tus tiempos y necesidades log\u00edsticas para que puedas centrarte en tu negocio sin preocupaciones. Ll\u00e1manos y descubre c\u00f3mo podemos ayudarte.<\/p>\t\t\t\t\t\t\t\t<\/div>\n\t\t\t\t<\/div>\n\t\t\t\t\t<\/div>\n\t\t<\/div>\n\t\t\t\t\t<\/div>\n\t\t<\/section>\n\t\t\t\t<section class=\"elementor-section elementor-top-section elementor-element elementor-element-ee426c0 elementor-section-content-bottom elementor-section-boxed elementor-section-height-default elementor-section-height-default\" data-id=\"ee426c0\" data-element_type=\"section\">\n\t\t\t\t\t\t<div class=\"elementor-container elementor-column-gap-no\">\n\t\t\t\t\t<div class=\"elementor-column elementor-col-50 elementor-top-column elementor-element elementor-element-3668912\" data-id=\"3668912\" data-element_type=\"column\">\n\t\t\t<div class=\"elementor-widget-wrap elementor-element-populated\">\n\t\t\t\t\t\t<div class=\"elementor-element elementor-element-f13fc65 elementor-widget elementor-widget-heading\" data-id=\"f13fc65\" data-element_type=\"widget\" data-widget_type=\"heading.default\">\n\t\t\t\t<div class=\"elementor-widget-container\">\n\t\t\t\t\t<h2 class=\"elementor-heading-title elementor-size-default\">\u00bfHablamos?<\/h2>\t\t\t\t<\/div>\n\t\t\t\t<\/div>\n\t\t\t\t<div class=\"elementor-element elementor-element-5efb5b3 elementor-widget-divider--view-line elementor-widget elementor-widget-divider\" data-id=\"5efb5b3\" data-element_type=\"widget\" data-widget_type=\"divider.default\">\n\t\t\t\t<div class=\"elementor-widget-container\">\n\t\t\t\t\t\t\t<div class=\"elementor-divider\">\n\t\t\t<span class=\"elementor-divider-separator\">\n\t\t\t\t\t\t<\/span>\n\t\t<\/div>\n\t\t\t\t\t\t<\/div>\n\t\t\t\t<\/div>\n\t\t\t\t<div class=\"elementor-element elementor-element-98a4fc6 elementor-widget elementor-widget-text-editor\" data-id=\"98a4fc6\" data-element_type=\"widget\" data-widget_type=\"text-editor.default\">\n\t\t\t\t<div class=\"elementor-widget-container\">\n\t\t\t\t\t\t\t\t\t<p>Ofrecemos un servicio integral en la distribuci\u00f3n, restauraci\u00f3n, venta y reciclaje de Palets en Barcelona. Si est\u00e1 interesado en alguno de nuestros servicios no dude en contactar con nosotros.<\/p>\t\t\t\t\t\t\t\t<\/div>\n\t\t\t\t<\/div>\n\t\t\t\t\t<\/div>\n\t\t<\/div>\n\t\t\t\t<div class=\"elementor-column elementor-col-50 elementor-top-column elementor-element elementor-element-37ce17e\" data-id=\"37ce17e\" data-element_type=\"column\">\n\t\t\t<div class=\"elementor-widget-wrap elementor-element-populated\">\n\t\t\t\t\t\t<div class=\"elementor-element elementor-element-c4b9d6d elementor-position-inline-start elementor-view-default elementor-mobile-position-block-start elementor-widget elementor-widget-icon-box\" data-id=\"c4b9d6d\" data-element_type=\"widget\" data-widget_type=\"icon-box.default\">\n\t\t\t\t<div class=\"elementor-widget-container\">\n\t\t\t\t\t\t\t<div class=\"elementor-icon-box-wrapper\">\n\n\t\t\t\t\t\t<div class=\"elementor-icon-box-icon\">\n\t\t\t\t<span  class=\"elementor-icon\">\n\t\t\t\t<i aria-hidden=\"true\" class=\"fas fa-map-marker-alt\"><\/i>\t\t\t\t<\/span>\n\t\t\t<\/div>\n\t\t\t\n\t\t\t\t\t\t<div class=\"elementor-icon-box-content\">\n\n\t\t\t\t\t\t\t\t\t<h6 class=\"elementor-icon-box-title\">\n\t\t\t\t\t\t<span  >\n\t\t\t\t\t\t\tDIRECCI\u00d3N\t\t\t\t\t\t<\/span>\n\t\t\t\t\t<\/h6>\n\t\t\t\t\n\t\t\t\t\t\t\t\t\t<p class=\"elementor-icon-box-description\">\n\t\t\t\t\t\tAv. de Sant Juli\u00e0, 76, 08403 Granollers, Barcelona\t\t\t\t\t<\/p>\n\t\t\t\t\n\t\t\t<\/div>\n\t\t\t\n\t\t<\/div>\n\t\t\t\t\t\t<\/div>\n\t\t\t\t<\/div>\n\t\t\t\t<div class=\"elementor-element elementor-element-a51114a elementor-position-inline-start elementor-view-default elementor-mobile-position-block-start elementor-widget elementor-widget-icon-box\" data-id=\"a51114a\" data-element_type=\"widget\" data-widget_type=\"icon-box.default\">\n\t\t\t\t<div class=\"elementor-widget-container\">\n\t\t\t\t\t\t\t<div class=\"elementor-icon-box-wrapper\">\n\n\t\t\t\t\t\t<div class=\"elementor-icon-box-icon\">\n\t\t\t\t<a href=\"tel: 34666 14 14 88\" class=\"elementor-icon\" tabindex=\"-1\" aria-label=\"TEL\u00c9FONO\">\n\t\t\t\t<i aria-hidden=\"true\" class=\"fas fa-phone\"><\/i>\t\t\t\t<\/a>\n\t\t\t<\/div>\n\t\t\t\n\t\t\t\t\t\t<div class=\"elementor-icon-box-content\">\n\n\t\t\t\t\t\t\t\t\t<h6 class=\"elementor-icon-box-title\">\n\t\t\t\t\t\t<a href=\"tel: 34666 14 14 88\" >\n\t\t\t\t\t\t\tTEL\u00c9FONO\t\t\t\t\t\t<\/a>\n\t\t\t\t\t<\/h6>\n\t\t\t\t\n\t\t\t\t\t\t\t\t\t<p class=\"elementor-icon-box-description\">\n\t\t\t\t\t\t666 14 14 88\t\t\t\t\t<\/p>\n\t\t\t\t\n\t\t\t<\/div>\n\t\t\t\n\t\t<\/div>\n\t\t\t\t\t\t<\/div>\n\t\t\t\t<\/div>\n\t\t\t\t<div class=\"elementor-element elementor-element-dab7777 elementor-position-inline-start elementor-view-default elementor-mobile-position-block-start elementor-widget elementor-widget-icon-box\" data-id=\"dab7777\" data-element_type=\"widget\" data-widget_type=\"icon-box.default\">\n\t\t\t\t<div class=\"elementor-widget-container\">\n\t\t\t\t\t\t\t<div class=\"elementor-icon-box-wrapper\">\n\n\t\t\t\t\t\t<div class=\"elementor-icon-box-icon\">\n\t\t\t\t<a href=\"mailto:contacto@zonapalets.com\" class=\"elementor-icon\" tabindex=\"-1\" aria-label=\"Email\">\n\t\t\t\t<i aria-hidden=\"true\" class=\"fas fa-envelope\"><\/i>\t\t\t\t<\/a>\n\t\t\t<\/div>\n\t\t\t\n\t\t\t\t\t\t<div class=\"elementor-icon-box-content\">\n\n\t\t\t\t\t\t\t\t\t<h6 class=\"elementor-icon-box-title\">\n\t\t\t\t\t\t<a href=\"mailto:contacto@zonapalets.com\" >\n\t\t\t\t\t\t\tEmail\t\t\t\t\t\t<\/a>\n\t\t\t\t\t<\/h6>\n\t\t\t\t\n\t\t\t\t\t\t\t\t\t<p class=\"elementor-icon-box-description\">\n\t\t\t\t\t\tcontacto@zonapalets.com\t\t\t\t\t<\/p>\n\t\t\t\t\n\t\t\t<\/div>\n\t\t\t\n\t\t<\/div>\n\t\t\t\t\t\t<\/div>\n\t\t\t\t<\/div>\n\t\t\t\t\t<\/div>\n\t\t<\/div>\n\t\t\t\t\t<\/div>\n\t\t<\/section>\n\t\t\t\t<section class=\"elementor-section elementor-top-section elementor-element elementor-element-09c00e4 elementor-section-full_width elementor-section-height-min-height elementor-hidden-tablet elementor-hidden-mobile elementor-section-height-default elementor-section-items-middle\" data-id=\"09c00e4\" data-element_type=\"section\" data-settings=\"{&quot;background_background&quot;:&quot;classic&quot;}\">\n\t\t\t\t\t\t<div class=\"elementor-container elementor-column-gap-default\">\n\t\t\t\t\t<div class=\"elementor-column elementor-col-100 elementor-top-column elementor-element elementor-element-1d6948d\" data-id=\"1d6948d\" data-element_type=\"column\">\n\t\t\t<div class=\"elementor-widget-wrap elementor-element-populated\">\n\t\t\t\t\t\t<div class=\"elementor-element elementor-element-590d449 elementor-headline--style-rotate elementor-widget elementor-widget-animated-headline\" data-id=\"590d449\" data-element_type=\"widget\" data-settings=\"{&quot;headline_style&quot;:&quot;rotate&quot;,&quot;animation_type&quot;:&quot;slide&quot;,&quot;rotating_text&quot;:&quot;L\\u00edderes del mercado de comercializaci\\u00f3n de palets\\nComprometidos con la sostenibilidad\\nMateriales de primera calidad \\n&quot;,&quot;loop&quot;:&quot;yes&quot;,&quot;rotate_iteration_delay&quot;:2500}\" data-widget_type=\"animated-headline.default\">\n\t\t\t\t<div class=\"elementor-widget-container\">\n\t\t\t\t\t\t\t<h4 class=\"elementor-headline elementor-headline-animation-type-slide\">\n\t\t\t\t<span class=\"elementor-headline-dynamic-wrapper elementor-headline-text-wrapper\">\n\t\t\t\t\t<span class=\"elementor-headline-dynamic-text elementor-headline-text-active\">\n\t\t\t\tL\u00edderes&nbsp;del&nbsp;mercado&nbsp;de&nbsp;comercializaci\u00f3n&nbsp;de&nbsp;palets\t\t\t<\/span>\n\t\t\t\t\t<span class=\"elementor-headline-dynamic-text\">\n\t\t\t\tComprometidos&nbsp;con&nbsp;la&nbsp;sostenibilidad\t\t\t<\/span>\n\t\t\t\t\t<span class=\"elementor-headline-dynamic-text\">\n\t\t\t\tMateriales&nbsp;de&nbsp;primera&nbsp;calidad&nbsp;\t\t\t<\/span>\n\t\t\t\t\t<span class=\"elementor-headline-dynamic-text\">\n\t\t\t\t\t\t\t<\/span>\n\t\t\t\t\t\t<\/span>\n\t\t\t\t<\/h4>\n\t\t\t\t\t\t<\/div>\n\t\t\t\t<\/div>\n\t\t\t\t\t<\/div>\n\t\t<\/div>\n\t\t\t\t\t<\/div>\n\t\t<\/section>\n\t\t\t\t<section class=\"elementor-section elementor-top-section elementor-element elementor-element-92c906a elementor-section-full_width elementor-section-height-min-height elementor-hidden-desktop elementor-section-height-default elementor-section-items-middle\" data-id=\"92c906a\" data-element_type=\"section\" data-settings=\"{&quot;background_background&quot;:&quot;classic&quot;}\">\n\t\t\t\t\t\t<div class=\"elementor-container elementor-column-gap-default\">\n\t\t\t\t\t<div class=\"elementor-column elementor-col-100 elementor-top-column elementor-element elementor-element-fc80565\" data-id=\"fc80565\" data-element_type=\"column\">\n\t\t\t<div class=\"elementor-widget-wrap elementor-element-populated\">\n\t\t\t\t\t\t<div class=\"elementor-element elementor-element-78ca0e2 elementor-headline--style-rotate elementor-widget elementor-widget-animated-headline\" data-id=\"78ca0e2\" data-element_type=\"widget\" data-settings=\"{&quot;headline_style&quot;:&quot;rotate&quot;,&quot;animation_type&quot;:&quot;slide&quot;,&quot;rotating_text&quot;:&quot;L\\u00edderes del mercado de palets\\nComprometidos con la sostenibilidad\\nMateriales de primera calidad \\n&quot;,&quot;loop&quot;:&quot;yes&quot;,&quot;rotate_iteration_delay&quot;:2500}\" data-widget_type=\"animated-headline.default\">\n\t\t\t\t<div class=\"elementor-widget-container\">\n\t\t\t\t\t\t\t<h4 class=\"elementor-headline elementor-headline-animation-type-slide\">\n\t\t\t\t<span class=\"elementor-headline-dynamic-wrapper elementor-headline-text-wrapper\">\n\t\t\t\t\t<span class=\"elementor-headline-dynamic-text elementor-headline-text-active\">\n\t\t\t\tL\u00edderes&nbsp;del&nbsp;mercado&nbsp;de&nbsp;palets\t\t\t<\/span>\n\t\t\t\t\t<span class=\"elementor-headline-dynamic-text\">\n\t\t\t\tComprometidos&nbsp;con&nbsp;la&nbsp;sostenibilidad\t\t\t<\/span>\n\t\t\t\t\t<span class=\"elementor-headline-dynamic-text\">\n\t\t\t\tMateriales&nbsp;de&nbsp;primera&nbsp;calidad&nbsp;\t\t\t<\/span>\n\t\t\t\t\t<span class=\"elementor-headline-dynamic-text\">\n\t\t\t\t\t\t\t<\/span>\n\t\t\t\t\t\t<\/span>\n\t\t\t\t<\/h4>\n\t\t\t\t\t\t<\/div>\n\t\t\t\t<\/div>\n\t\t\t\t\t<\/div>\n\t\t<\/div>\n\t\t\t\t\t<\/div>\n\t\t<\/section>\n\t\t\t\t<section class=\"elementor-section elementor-top-section elementor-element elementor-element-f54e7d7 elementor-section-full_width elementor-section-height-default elementor-section-height-default\" data-id=\"f54e7d7\" data-element_type=\"section\">\n\t\t\t\t\t\t<div class=\"elementor-container elementor-column-gap-default\">\n\t\t\t\t\t<div class=\"elementor-column elementor-col-100 elementor-top-column elementor-element elementor-element-d1bd73a\" data-id=\"d1bd73a\" data-element_type=\"column\">\n\t\t\t<div class=\"elementor-widget-wrap elementor-element-populated\">\n\t\t\t\t\t\t<div class=\"elementor-element elementor-element-0256204 elementor-widget elementor-widget-html\" data-id=\"0256204\" data-element_type=\"widget\" data-widget_type=\"html.default\">\n\t\t\t\t<div class=\"elementor-widget-container\">\n\t\t\t\t\t<iframe src=\"https:\/\/www.google.com\/maps\/embed?pb=!1m14!1m8!1m3!1d11935.329340287424!2d2.2746248!3d41.5945098!3m2!1i1024!2i768!4f13.1!3m3!1m2!1s0x12a4c7d83a0b2835%3A0x4b7caa440e7a11a6!2sZONA%20PALETS%20S.L.!5e0!3m2!1ses!2ses!4v1684489372068!5m2!1ses!2ses\" width=\"600\" height=\"450\" style=\"border:0;\" allowfullscreen=\"\" loading=\"lazy\" referrerpolicy=\"no-referrer-when-downgrade\"><\/iframe>\t\t\t\t<\/div>\n\t\t\t\t<\/div>\n\t\t\t\t\t<\/div>\n\t\t<\/div>\n\t\t\t\t\t<\/div>\n\t\t<\/section>\n\t\t\t\t<\/div>","protected":false},"excerpt":{"rendered":"<p>Venta de palets en Terrassa Venta de palets en Terrassa: soluciones resistentes, sostenibles y adaptadas a tu negocio En Zona Palets trabajamos cada d\u00eda para ofrecer un servicio eficiente y fiable de venta de palets en Terrassa, adaptado a las necesidades reales de empresas industriales, log\u00edsticas y comerciales. Disponemos de un amplio stock de palets&hellip;&nbsp;<a href=\"https:\/\/zonapalets.com\/ca\/venta-de-palets-en-terrassa\/\" rel=\"bookmark\"><span class=\"screen-reader-text\">Venta de palets en Terrassa<\/span><\/a><\/p>","protected":false},"author":1,"featured_media":0,"parent":0,"menu_order":0,"comment_status":"closed","ping_status":"closed","template":"page-templates\/template-pagebuilder-full-width.php","meta":{"neve_meta_sidebar":"","neve_meta_container":"","neve_meta_enable_content_width":"off","neve_meta_content_width":100,"neve_meta_title_alignment":"","neve_meta_author_avatar":"","neve_post_elements_order":"","neve_meta_disable_header":"","neve_meta_disable_footer":"","neve_meta_disable_title":"","neve_meta_reading_time":"","footnotes":""},"class_list":["post-873","page","type-page","status-publish","hentry"],"yoast_head":"<!-- This site is optimized with the Yoast SEO plugin v26.7 - https:\/\/yoast.com\/wordpress\/plugins\/seo\/ -->\n<title>Venta de palets en Terrassa - Zona Palets | Compra, venta y reciclaje de Palets<\/title>\n<meta name=\"description\" content=\"Descubre nuestro servicio de venta de palets en Terrassa: palets nuevos, reciclados y reacondicionados con garant\u00eda de calidad.\" \/>\n<meta name=\"robots\" content=\"index, follow, max-snippet:-1, max-image-preview:large, max-video-preview:-1\" \/>\n<link rel=\"canonical\" href=\"https:\/\/zonapalets.com\/ca\/venta-de-palets-en-terrassa\/\" \/>\n<meta property=\"og:locale\" content=\"ca_ES\" \/>\n<meta property=\"og:type\" content=\"article\" \/>\n<meta property=\"og:title\" content=\"Venta de palets en Terrassa - Zona Palets | Compra, venta y reciclaje de Palets\" \/>\n<meta property=\"og:description\" content=\"Descubre nuestro servicio de venta de palets en Terrassa: palets nuevos, reciclados y reacondicionados con garant\u00eda de calidad.\" \/>\n<meta property=\"og:url\" content=\"https:\/\/zonapalets.com\/ca\/venta-de-palets-en-terrassa\/\" \/>\n<meta property=\"og:site_name\" content=\"Zona Palets | Compra, venta y reciclaje de Palets\" \/>\n<meta property=\"article:modified_time\" content=\"2025-11-13T10:48:16+00:00\" \/>\n<meta property=\"og:image\" content=\"https:\/\/zonapalets.com\/wp-content\/uploads\/2025\/05\/PALETS-4-1024x724.jpg\" \/>\n<meta name=\"twitter:card\" content=\"summary_large_image\" \/>\n<meta name=\"twitter:label1\" content=\"Temps estimat de lectura\" \/>\n\t<meta name=\"twitter:data1\" content=\"3 minuts\" \/>\n<script type=\"application\/ld+json\" class=\"yoast-schema-graph\">{\"@context\":\"https:\/\/schema.org\",\"@graph\":[{\"@type\":\"WebPage\",\"@id\":\"https:\/\/zonapalets.com\/venta-de-palets-en-terrassa\/\",\"url\":\"https:\/\/zonapalets.com\/venta-de-palets-en-terrassa\/\",\"name\":\"Venta de palets en Terrassa - Zona Palets | Compra, venta y reciclaje de Palets\",\"isPartOf\":{\"@id\":\"https:\/\/zonapalets.com\/#website\"},\"primaryImageOfPage\":{\"@id\":\"https:\/\/zonapalets.com\/venta-de-palets-en-terrassa\/#primaryimage\"},\"image\":{\"@id\":\"https:\/\/zonapalets.com\/venta-de-palets-en-terrassa\/#primaryimage\"},\"thumbnailUrl\":\"https:\/\/zonapalets.com\/wp-content\/uploads\/2025\/05\/PALETS-4-1024x724.jpg\",\"datePublished\":\"2025-11-13T10:46:44+00:00\",\"dateModified\":\"2025-11-13T10:48:16+00:00\",\"description\":\"Descubre nuestro servicio de venta de palets en Terrassa: palets nuevos, reciclados y reacondicionados con garant\u00eda de calidad.\",\"breadcrumb\":{\"@id\":\"https:\/\/zonapalets.com\/venta-de-palets-en-terrassa\/#breadcrumb\"},\"inLanguage\":\"ca\",\"potentialAction\":[{\"@type\":\"ReadAction\",\"target\":[\"https:\/\/zonapalets.com\/venta-de-palets-en-terrassa\/\"]}]},{\"@type\":\"ImageObject\",\"inLanguage\":\"ca\",\"@id\":\"https:\/\/zonapalets.com\/venta-de-palets-en-terrassa\/#primaryimage\",\"url\":\"https:\/\/zonapalets.com\/wp-content\/uploads\/2025\/05\/PALETS-4-1024x724.jpg\",\"contentUrl\":\"https:\/\/zonapalets.com\/wp-content\/uploads\/2025\/05\/PALETS-4-1024x724.jpg\"},{\"@type\":\"BreadcrumbList\",\"@id\":\"https:\/\/zonapalets.com\/venta-de-palets-en-terrassa\/#breadcrumb\",\"itemListElement\":[{\"@type\":\"ListItem\",\"position\":1,\"name\":\"Portada\",\"item\":\"https:\/\/zonapalets.com\/\"},{\"@type\":\"ListItem\",\"position\":2,\"name\":\"Venta de palets en Terrassa\"}]},{\"@type\":\"WebSite\",\"@id\":\"https:\/\/zonapalets.com\/#website\",\"url\":\"https:\/\/zonapalets.com\/\",\"name\":\"Zona Palets | Compra, venta y reciclaje de Palets\",\"description\":\"Fabricamos, restauramos y comercializamos palets.\",\"potentialAction\":[{\"@type\":\"SearchAction\",\"target\":{\"@type\":\"EntryPoint\",\"urlTemplate\":\"https:\/\/zonapalets.com\/?s={search_term_string}\"},\"query-input\":{\"@type\":\"PropertyValueSpecification\",\"valueRequired\":true,\"valueName\":\"search_term_string\"}}],\"inLanguage\":\"ca\"}]}<\/script>\n<!-- \/ Yoast SEO plugin. -->","yoast_head_json":{"title":"Venta de palets en Terrassa - Zona Palets | Compra, venta y reciclaje de Palets","description":"Descubre nuestro servicio de venta de palets en Terrassa: palets nuevos, reciclados y reacondicionados con garant\u00eda de calidad.","robots":{"index":"index","follow":"follow","max-snippet":"max-snippet:-1","max-image-preview":"max-image-preview:large","max-video-preview":"max-video-preview:-1"},"canonical":"https:\/\/zonapalets.com\/ca\/venta-de-palets-en-terrassa\/","og_locale":"ca_ES","og_type":"article","og_title":"Venta de palets en Terrassa - Zona Palets | Compra, venta y reciclaje de Palets","og_description":"Descubre nuestro servicio de venta de palets en Terrassa: palets nuevos, reciclados y reacondicionados con garant\u00eda de calidad.","og_url":"https:\/\/zonapalets.com\/ca\/venta-de-palets-en-terrassa\/","og_site_name":"Zona Palets | Compra, venta y reciclaje de Palets","article_modified_time":"2025-11-13T10:48:16+00:00","og_image":[{"url":"https:\/\/zonapalets.com\/wp-content\/uploads\/2025\/05\/PALETS-4-1024x724.jpg","type":"","width":"","height":""}],"twitter_card":"summary_large_image","twitter_misc":{"Temps estimat de lectura":"3 minuts"},"schema":{"@context":"https:\/\/schema.org","@graph":[{"@type":"WebPage","@id":"https:\/\/zonapalets.com\/venta-de-palets-en-terrassa\/","url":"https:\/\/zonapalets.com\/venta-de-palets-en-terrassa\/","name":"Venta de palets en Terrassa - Zona Palets | Compra, venta y reciclaje de Palets","isPartOf":{"@id":"https:\/\/zonapalets.com\/#website"},"primaryImageOfPage":{"@id":"https:\/\/zonapalets.com\/venta-de-palets-en-terrassa\/#primaryimage"},"image":{"@id":"https:\/\/zonapalets.com\/venta-de-palets-en-terrassa\/#primaryimage"},"thumbnailUrl":"https:\/\/zonapalets.com\/wp-content\/uploads\/2025\/05\/PALETS-4-1024x724.jpg","datePublished":"2025-11-13T10:46:44+00:00","dateModified":"2025-11-13T10:48:16+00:00","description":"Descubre nuestro servicio de venta de palets en Terrassa: palets nuevos, reciclados y reacondicionados con garant\u00eda de calidad.","breadcrumb":{"@id":"https:\/\/zonapalets.com\/venta-de-palets-en-terrassa\/#breadcrumb"},"inLanguage":"ca","potentialAction":[{"@type":"ReadAction","target":["https:\/\/zonapalets.com\/venta-de-palets-en-terrassa\/"]}]},{"@type":"ImageObject","inLanguage":"ca","@id":"https:\/\/zonapalets.com\/venta-de-palets-en-terrassa\/#primaryimage","url":"https:\/\/zonapalets.com\/wp-content\/uploads\/2025\/05\/PALETS-4-1024x724.jpg","contentUrl":"https:\/\/zonapalets.com\/wp-content\/uploads\/2025\/05\/PALETS-4-1024x724.jpg"},{"@type":"BreadcrumbList","@id":"https:\/\/zonapalets.com\/venta-de-palets-en-terrassa\/#breadcrumb","itemListElement":[{"@type":"ListItem","position":1,"name":"Portada","item":"https:\/\/zonapalets.com\/"},{"@type":"ListItem","position":2,"name":"Venta de palets en Terrassa"}]},{"@type":"WebSite","@id":"https:\/\/zonapalets.com\/#website","url":"https:\/\/zonapalets.com\/","name":"Zona Palets | Compra, venta y reciclaje de Palets","description":"Fabricamos, restauramos y comercializamos palets.","potentialAction":[{"@type":"SearchAction","target":{"@type":"EntryPoint","urlTemplate":"https:\/\/zonapalets.com\/?s={search_term_string}"},"query-input":{"@type":"PropertyValueSpecification","valueRequired":true,"valueName":"search_term_string"}}],"inLanguage":"ca"}]}},"_links":{"self":[{"href":"https:\/\/zonapalets.com\/ca\/wp-json\/wp\/v2\/pages\/873","targetHints":{"allow":["GET"]}}],"collection":[{"href":"https:\/\/zonapalets.com\/ca\/wp-json\/wp\/v2\/pages"}],"about":[{"href":"https:\/\/zonapalets.com\/ca\/wp-json\/wp\/v2\/types\/page"}],"author":[{"embeddable":true,"href":"https:\/\/zonapalets.com\/ca\/wp-json\/wp\/v2\/users\/1"}],"replies":[{"embeddable":true,"href":"https:\/\/zonapalets.com\/ca\/wp-json\/wp\/v2\/comments?post=873"}],"version-history":[{"count":4,"href":"https:\/\/zonapalets.com\/ca\/wp-json\/wp\/v2\/pages\/873\/revisions"}],"predecessor-version":[{"id":877,"href":"https:\/\/zonapalets.com\/ca\/wp-json\/wp\/v2\/pages\/873\/revisions\/877"}],"wp:attachment":[{"href":"https:\/\/zonapalets.com\/ca\/wp-json\/wp\/v2\/media?parent=873"}],"curies":[{"name":"wp","href":"https:\/\/api.w.org\/{rel}","templated":true}]}}